{"id":7655,"date":"2022-06-10T14:37:37","date_gmt":"2022-06-10T12:37:37","guid":{"rendered":"https:\/\/harte.sk\/?page_id=7655"},"modified":"2022-12-05T15:50:30","modified_gmt":"2022-12-05T14:50:30","slug":"szemelyes-adatok-vedelme","status":"publish","type":"page","link":"https:\/\/harte.sk\/hu\/szemelyes-adatok-vedelme\/","title":{"rendered":"Szem\u00e9lyes adatok v\u00e9delme"},"content":{"rendered":"\t\t<div data-elementor-type=\"wp-page\" data-elementor-id=\"7655\" class=\"elementor elementor-7655 elementor-4782\" data-elementor-post-type=\"page\">\n\t\t\t\t\t\t<section class=\"elementor-section elementor-top-section elementor-element elementor-element-366f473 elementor-section-boxed elementor-section-height-default elementor-section-height-default\" data-id=\"366f473\" data-element_type=\"section\" data-settings=\"{&quot;jet_parallax_layout_list&quot;:[]}\">\n\t\t\t\t\t\t<div class=\"elementor-container elementor-column-gap-default\">\n\t\t\t\t\t<div class=\"elementor-column elementor-col-100 elementor-top-column elementor-element elementor-element-3b3e861 ot-flex-column-vertical\" data-id=\"3b3e861\" data-element_type=\"column\">\n\t\t\t<div class=\"elementor-widget-wrap elementor-element-populated\">\n\t\t\t\t\t\t<div class=\"elementor-element elementor-element-f03061f elementor-widget elementor-widget-text-editor\" data-id=\"f03061f\" data-element_type=\"widget\" data-widget_type=\"text-editor.default\">\n\t\t\t\t<div class=\"elementor-widget-container\">\n\t\t\t\t\t\t\t<ol><li><strong> A szem\u00e9lyes adatok v\u00e9delm\u00e9nek felt\u00e9telei<br \/><\/strong><br \/>Alap rendelkez\u00e9s<\/li><li>A 18\/2018 Z.z. Szem\u00e9lyes Adatv\u00e9delmi t\u00f6rv\u00e9ny 5 \u00a7 (tov\u00e1bbiakban: ,t\u00f6rv\u00e9ny,) \u00e9rtelm\u00e9ben a szem\u00e9lyes adatok kezel\u0151je az IHP EUROPE s.r.o., Kostolianska cesta 67, 04001 Ko\u0161ice, Azonos\u00edt\u00f3 48\u00a0066\u00a0460, \u00c1fa azonos\u00edt\u00f3: SK2120004601 (tov\u00e1bbiakban: ,,\u00dczemeltet\u0151,,)<\/li><li>A szem\u00e9lyes adat azonos\u00edtott vagy azonos\u00edthat\u00f3 term\u00e9szetes szem\u00e9lyre vonatkoz\u00f3 minden inform\u00e1ci\u00f3. Az azonos\u00edthat\u00f3 term\u00e9szetes szem\u00e9ly, aki k\u00f6zvetlen\u00fcl vagy k\u00f6zvetve azonos\u00edthat\u00f3, k\u00fcl\u00f6n\u00f6sen egy bizonyos azonos\u00edt\u00f3ra, p\u00e9ld\u00e1ul n\u00e9vre, azonos\u00edt\u00f3 sz\u00e1mra, helyadatokra, h\u00e1l\u00f3zati azonos\u00edt\u00f3ra val\u00f3 hivatkoz\u00e1ssal vagy term\u00e9szetes szem\u00e9ly fizikai, fiziol\u00f3giai, genetikai, pszichol\u00f3giai, gazdas\u00e1gi, kultur\u00e1lis vagy t\u00e1rsadalmi identit\u00e1s\u00e1nak egy vagy t\u00f6bb speci\u00e1lis elem\u00e9re hivatkozva<\/li><li>Az \u00fczemeltet\u0151 kijel\u00f6lte a szem\u00e9lyes adatok v\u00e9delm\u00e9\u00e9rt felel\u0151s szem\u00e9lyt. A szem\u00e9ly el\u00e9rhet\u0151s\u00e9gei:<br \/><strong>Horv\u00e1th D\u00e1niel, +421\u00a0915\u00a0633\u00a0074<\/strong><\/li><li><strong> A kezelt szem\u00e9lyes adatok forr\u00e1sai \u00e9s kateg\u00f3ri\u00e1i<\/strong><\/li><li>Az \u00fczemeltet\u0151 az \u00f6n \u00e1ltal a rendelkez\u00e9s\u00e9re bocs\u00e1tott szem\u00e9lyes adatokat, vagy azokat a szem\u00e9lyes adatokat, amelyeket az \u00fczemeltet\u0151 az \u00f6n megrendel\u00e9s\u00e9nek megfelel\u0151 szerz\u0151d\u00e9ses teljes\u00edt\u00e9se alapj\u00e1n szerzett meg.<\/li><li>Az \u00fczemeltet\u0151 az \u00f6n azonos\u00edt\u00f3 \u00e9s el\u00e9rhet\u0151s\u00e9gi adatait, valamint a szerz\u0151d\u00e9s teljes\u00edt\u00e9s\u00e9hez sz\u00fcks\u00e9ges adatai kezeli<\/li><\/ol><p><strong>III. A szem\u00e9lyes adatok kezel\u00e9s\u00e9nek j\u00f3gi oka \u00e9s c\u00e9lja<\/strong><\/p><p><strong>A szem\u00e9lyes adatok kezel\u00e9s\u00e9nek jogi oka a k\u00f6vetkez\u0151k<\/strong><\/p><ol><li>A t\u00f6rv\u00e9ny 13. \u00a7 -nak 1 bekezd\u00e9se b pontja \u00e9rtelm\u00e9ben az \u00f6n \u00e9s az \u00fczemeltet\u0151 k\u00f6z\u00f6tti szerz\u0151d\u00e9se teljesit\u00e9se.<\/li><li>Az \u00fczemeltet\u0151 jogos \u00e9rdeke a direkt marketing szolg\u00e1ltat\u00e1s ny\u00fajt\u00e1s\u00e1hoz (k\u00fcl\u00f6n\u00f6sen \u00fczleti \u00e9s h\u00edrlevelek k\u00fcld\u00e9s\u00e9hez) A t\u00f6rv\u00e9ny 13. \u00a7-nak 1 bekezd\u00e9se f pontja \u00e9rtelm\u00e9ben<\/li><li>Az \u00f6n hozz\u00e1j\u00e1rul\u00e1sa a direkt marketing c\u00e9l\u00fa adatkezel\u00e9shez (k\u00fcl\u00f6n\u00f6sen a kereskedelmi k\u00f6zlem\u00e9nyek a h\u00edrlevelek k\u00fcld\u00e9s\u00e9hez) a t\u00f6rv\u00e9ny 13. \u00a7-nak 1 bekezd\u00e9se a pontja szerint az esetben, ha nem t\u00f6rt\u00e9nt \u00e1ru- vagy szolg\u00e1ltat\u00e1srendel\u00e9s.<\/li><\/ol><p><strong>A szem\u00e9lyes adatok kezel\u00e9s\u00e9nek c\u00e9lja<\/strong><\/p><ol><li>Megrendel\u00e9sek teljesit\u00e9se, valamint az \u00f6n \u00e9s az \u00fczemeltet\u0151 k\u00f6z\u00f6tti szerz\u0151d\u00e9s jogviszonyb\u00f3l ered\u0151 jogok \u00e9s k\u00f6telezetts\u00e9gek teljes\u00edt\u00e9se. A rendel\u00e9s lead\u00e1sakor olyan szem\u00e9lyes adatok sz\u00fcks\u00e9gesek, amelyek a megrendel\u00e9s sikeres lebonyol\u00edt\u00e1s\u00e1hoz sz\u00fcks\u00e9gesek (n\u00e9v, c\u00edm \u00e9s el\u00e9rhet\u0151s\u00e9g), a szem\u00e9lyes adatokmegad\u00e1sa a szerz\u0151d\u00e9s megk\u00f6t\u00e9s\u00e9hez \u00e9s teljes\u00edt\u00e9s\u00e9hez sz\u00fcks\u00e9ges, a szem\u00e9lyes adatok megad\u00e1sa n\u00e9lk\u00fcl az \u00fczemeltet\u0151 r\u00e9sz\u00e9r\u0151l a szerz\u0151d\u00e9s megk\u00f6t\u00e9se vagy teljes\u00edt\u00e9se nem lehets\u00e9ges.<\/li><li>kereskedelmi k\u00f6zlem\u00e9nyek k\u00fcld\u00e9se \u00e9s egy\u00e9b marketing tev\u00e9kenys\u00e9g v\u00e9gz\u00e9se<\/li><\/ol><p><strong>Az \u00fczemeltet\u0151 automatikusan egyedi d\u00f6nt\u00e9st hoz a t\u00f6rv\u00e9ny 28. \u00a7 \u00e9rtelm\u00e9ben. \u00d6n kifejezett hozz\u00e1j\u00e1rul\u00e1s\u00e1t adta az ilyen feldolgoz\u00e1shoz.<\/strong><\/p><p><strong>A szem\u00e9lyesadatok t\u00e1rol\u00e1s\u00e1nak id\u0151tartama<\/strong><\/p><p>1.az \u00fczemeltet\u0151 szem\u00e9lyes adatokat t\u00e1rol:<\/p><p>-az \u00f6n \u00e9s az \u00fczemeltet\u0151 k\u00f6z\u00f6tti szerz\u0151d\u00e9s jogviszonyb\u00f3l ered\u0151 jogok \u00e9s k\u00f6telezetts\u00e9gek gyakorl\u00e1s\u00e1hoz, valamit az \u00d6n \u00e9s az \u00fczemeltet\u0151 k\u00f6z\u00f6tti szerz\u0151d\u00e9ses jogviszonyb\u00f3l ered\u0151 jogok \u00e9s k\u00f6telezetts\u00e9gek gyakorl\u00e1s\u00e1hoz, valamint e szerz\u0151d\u00e9ses jogviszonyokb\u00f3l ered\u0151 ig\u00e9nyek \u00e9rv\u00e9nyes\u00edt\u00e9s\u00e9hez sz\u00fcks\u00e9ges id\u0151tartamra (a szerz\u0151d\u00e9ses jogviszony megsz\u0171n\u00e9s\u00e9t\u0151l sz\u00e1m\u00edtott 15 \u00e9vig).<\/p><p>-a szem\u00e9lyes adatok marketingc\u00e9l\u00fa kezel\u00e9s\u00e9hez val\u00f3 hozz\u00e1j\u00e1rul\u00e1s visszavon\u00e1sa el\u0151tti id\u0151tartamra, legfeljebb 15 \u00e9vre, ha a szem\u00e9lyes adatok kezel\u00e9se hozz\u00e1j\u00e1rul\u00e1son alapul. A szem\u00e9lyes adatok t\u00e1rol\u00e1si id\u0151szak\u00e1nak lej\u00e1rta ut\u00e1n az \u00fczemeltet\u0151 t\u00f6rli a szem\u00e9lyes adatokat.<\/p><ol><li><strong> A szem\u00e9lyes adatok c\u00edmzettjei (az \u00fczemeltet\u0151 alv\u00e1llalkoz\u00f3i)<\/strong><\/li><li>A szem\u00e9lyes adatok c\u00edmzettjei a k\u00f6vetkez\u0151k:<\/li><\/ol><p>-R\u00e9szv\u00e9tel a szerz\u0151d\u00e9sen alapul\u00f3 \u00e1ruk\/szolg\u00e1ltat\u00e1sok sz\u00e1ll\u00edt\u00e1s\u00e1ban\/fizet\u00e9sek lebonyol\u00edt\u00e1s\u00e1ban.<\/p><p>-Marketing szolg\u00e1ltat\u00e1sok biztos\u00edt\u00e1sa<\/p><p>-Kapcsolatfelv\u00e9teli \u0171rlapok<\/p><ol start=\"2\"><li>Az \u00fczemeltet\u0151 a szem\u00e9lyes adatokat harmadik orsz\u00e1gba (Eu-n k\u00edv\u00fcli orsz\u00e1gba) vagy nemzetk\u00f6zi szervezetbe kivanja tov\u00e1bb\u00edtani. A szem\u00e9lyes adatok c\u00edmzettjei a harmadik orsz\u00e1gokban postai szolg\u00e1ltat\u00e1sokat ny\u00fajtanak.<\/li><li><strong> Az \u00f6n jogai<\/strong><\/li><li>T\u00f6rv\u00e9nyileg meghat\u00e1rozott felt\u00e9telekkel rendelkezik:<\/li><\/ol><p>-A t\u00f6rv\u00e9ny 21. \u00a7-nak \u00e9rtelm\u00e9ben szem\u00e9lyes adataihoz val\u00f3 hozz\u00e1f\u00e9r\u00e9si joga van<\/p><p>-Joga van a szem\u00e9lyes adatok kijav\u00edt\u00e1s\u00e1hoz a t\u00f6rv\u00e9ny 22. \u00a7-nak \u00e9rtelm\u00e9ben, vagy az adatkezel\u00e9s korl\u00e1toz\u00e1s\u00e1ra a t\u00f6rv\u00e9ny 24. \u00a7-nak \u00e9rtelm\u00e9ben<br \/>-A t\u00f6rv\u00e9ny 23. \u00a7-nak \u00e9rtelm\u00e9ben joga van a szem\u00e9lyes adatok t\u00f6rl\u00e9s\u00e9hez<\/p><p>&#8211; A t\u00f6rv\u00e9ny 27. \u00a7-nak \u00e9rtelm\u00e9ben joga van tiltakozni a szem\u00e9lyes adatok kezel\u00e9se ellen<\/p><p>&#8211; A t\u00f6rv\u00e9ny 26. \u00a7-nak \u00e9rtelm\u00e9ben joga az adathordozhat\u00f3s\u00e1ghoz<\/p><p>-Joga van visszavonni az adatkezel\u00e9shez val\u00f3 hozz\u00e1j\u00e1rul\u00e1st \u00edr\u00e1sban vagy elektronikus \u00faton az \u00fczemeltet\u0151 jelen felt\u00e9telekben (III. bekezd\u00e9s) meghat\u00e1rozott c\u00edmere vagy e-mail c\u00edm\u00e9re.<\/p><ol start=\"2\"><li>\u00d6nnek joga van panaszt tenni a Szlov\u00e1k K\u00f6zt\u00e1rsas\u00e1g Szem\u00e9lyes Adatok V\u00e9delmi Hivatal\u00e1n\u00e1l is, hogy megs\u00e9rtett\u00e9k a szem\u00e9lyes adatok v\u00e9delm\u00e9hez val\u00f3 jog\u00e1t<\/li><\/ol><p><strong>VII. A szem\u00e9lyes adatok biztons\u00e1g\u00e1nak felt\u00e9telei<\/strong><\/p><ol><li>Az \u00fczemeltet\u0151 kijelenti, hogy minden megfelel\u0151 technikai \u00e9s szervez\u00e9si int\u00e9zked\u00e9st megtett a szem\u00e9lyes adatok v\u00e9delme \u00e9rdek\u00e9ben<\/li><li>Az \u00fczemeltet\u0151 technikai int\u00e9zked\u00e9seket tett az adatt\u00e1rol\u00e1s \u00e9s a szem\u00e9lyes adatok pap\u00edr alap\u00fa t\u00e1rol\u00e1s\u00e1nak, k\u00fcl\u00f6n\u00f6sen a jelszavak \u00e9s biztons\u00e1gi ment\u00e9sek biztons\u00e1goss\u00e1 t\u00e9tele \u00e9rdek\u00e9ben.<\/li><li>Az \u00fczemeltet\u0151 kijelenti, hogy a szem\u00e9lyes adatokhoz csak az \u00e1ltala felhatalmazott szem\u00e9lyek f\u00e9rhetnek hozz\u00e1<\/li><\/ol><p><strong>VIII. Z\u00e1r\u00f3 rendelkez\u00e9sek<\/strong><\/p><ol><li>Az \u0171rlap elk\u00fcld\u00e9s\u00e9vel meger\u0151s\u00edti, hogy ismeri a szem\u00e9lyes adatok v\u00e9delm\u00e9nek felt\u00e9teleit, \u00e9s azokat teljes eg\u00e9sz\u00e9ben elfogadja<\/li><li>\u00d6n elfogadja ezeket a felt\u00e9teleket, ha az internetes \u0171rlapon kereszt\u00fcl bejel\u00f6li a hozz\u00e1j\u00e1rul\u00e1st. A hozz\u00e1j\u00e1rul\u00e1s ellen\u0151rz\u00e9s\u00e9vel meger\u0151s\u00edti, hogy ismeri a szem\u00e9lyes adatok v\u00e9delm\u00e9nek felt\u00e9teleit \u00e9s azokat teljes eg\u00e9sz\u00e9ben elfogadja.<\/li><li>Az \u00fczemeltet\u0151 jogosult ezen felt\u00e9telek megv\u00e1ltoztat\u00e1s\u00e1ra. A szem\u00e9lyes adatok v\u00e9delm\u00e9re vonatkoz\u00f3 felt\u00e9telek \u00faj v\u00e1ltozat\u00e1t a honlapon k\u00f6zz\u00e9teszi, \u00e9s ezzel egyidej\u0171leg elk\u00fcldi \u00f6nnek a jelen felt\u00e9telek \u00faj v\u00e1ltozat\u00e1t az \u00f6n \u00e1ltal az \u00fczemeltet\u0151nek megadott e-mail c\u00edmer\u00e9.<\/li><\/ol><p>\u00a0<\/p><p><strong>Jelen felt\u00e9telek 2022.01.01 -\u00e9n l\u00e9pnek hat\u00e1lyba<\/strong><\/p>\t\t\t\t\t\t<\/div>\n\t\t\t\t<\/div>\n\t\t\t\t\t<\/div>\n\t\t<\/div>\n\t\t\t\t\t<\/div>\n\t\t<\/section>\n\t\t\t\t<\/div>\n\t\t","protected":false},"excerpt":{"rendered":"<p>A szem\u00e9lyes adatok v\u00e9delm\u00e9nek felt\u00e9teleiAlap rendelkez\u00e9s A 18\/2018 Z.z. Szem\u00e9lyes Adatv\u00e9delmi t\u00f6rv\u00e9ny 5 \u00a7 (tov\u00e1bbiakban: ,t\u00f6rv\u00e9ny,) \u00e9rtelm\u00e9ben a szem\u00e9lyes adatok kezel\u0151je az IHP EUROPE s.r.o., Kostolianska cesta 67, 04001 Ko\u0161ice, Azonos\u00edt\u00f3 48\u00a0066\u00a0460, \u00c1fa azonos\u00edt\u00f3: SK2120004601 (tov\u00e1bbiakban: ,,\u00dczemeltet\u0151,,) A szem\u00e9lyes adat azonos\u00edtott vagy azonos\u00edthat\u00f3 term\u00e9szetes szem\u00e9lyre vonatkoz\u00f3 minden inform\u00e1ci\u00f3. Az azonos\u00edthat\u00f3 term\u00e9szetes szem\u00e9ly, aki k\u00f6zvetlen\u00fcl vagy [&hellip;]<\/p>\n","protected":false},"author":1,"featured_media":0,"parent":0,"menu_order":0,"comment_status":"closed","ping_status":"closed","template":"elementor_header_footer","meta":{"_mi_skip_tracking":false,"footnotes":""},"class_list":["post-7655","page","type-page","status-publish","hentry"],"yoast_head":"<!-- This site is optimized with the Yoast SEO plugin v20.5 - https:\/\/yoast.com\/wordpress\/plugins\/seo\/ -->\n<title>Szem\u00e9lyes adatok v\u00e9delme - Harte.sk<\/title>\n<meta name=\"robots\" content=\"index, follow, max-snippet:-1, max-image-preview:large, max-video-preview:-1\" \/>\n<link rel=\"canonical\" href=\"https:\/\/harte.sk\/hu\/szemelyes-adatok-vedelme\/\" \/>\n<meta property=\"og:locale\" content=\"hu_HU\" \/>\n<meta property=\"og:type\" content=\"article\" \/>\n<meta property=\"og:title\" content=\"Szem\u00e9lyes adatok v\u00e9delme - Harte.sk\" \/>\n<meta property=\"og:description\" content=\"A szem\u00e9lyes adatok v\u00e9delm\u00e9nek felt\u00e9teleiAlap rendelkez\u00e9s A 18\/2018 Z.z. Szem\u00e9lyes Adatv\u00e9delmi t\u00f6rv\u00e9ny 5 \u00a7 (tov\u00e1bbiakban: ,t\u00f6rv\u00e9ny,) \u00e9rtelm\u00e9ben a szem\u00e9lyes adatok kezel\u0151je az IHP EUROPE s.r.o., Kostolianska cesta 67, 04001 Ko\u0161ice, Azonos\u00edt\u00f3 48\u00a0066\u00a0460, \u00c1fa azonos\u00edt\u00f3: SK2120004601 (tov\u00e1bbiakban: ,,\u00dczemeltet\u0151,,) A szem\u00e9lyes adat azonos\u00edtott vagy azonos\u00edthat\u00f3 term\u00e9szetes szem\u00e9lyre vonatkoz\u00f3 minden inform\u00e1ci\u00f3. Az azonos\u00edthat\u00f3 term\u00e9szetes szem\u00e9ly, aki k\u00f6zvetlen\u00fcl vagy [&hellip;]\" \/>\n<meta property=\"og:url\" content=\"https:\/\/harte.sk\/hu\/szemelyes-adatok-vedelme\/\" \/>\n<meta property=\"og:site_name\" content=\"Harte.sk\" \/>\n<meta property=\"article:modified_time\" content=\"2022-12-05T14:50:30+00:00\" \/>\n<meta name=\"twitter:card\" content=\"summary_large_image\" \/>\n<meta name=\"twitter:label1\" content=\"Becs\u00fclt olvas\u00e1si id\u0151\" \/>\n\t<meta name=\"twitter:data1\" content=\"4 perc\" \/>\n<script type=\"application\/ld+json\" class=\"yoast-schema-graph\">{\"@context\":\"https:\/\/schema.org\",\"@graph\":[{\"@type\":\"WebPage\",\"@id\":\"https:\/\/harte.sk\/hu\/szemelyes-adatok-vedelme\/\",\"url\":\"https:\/\/harte.sk\/hu\/szemelyes-adatok-vedelme\/\",\"name\":\"Szem\u00e9lyes adatok v\u00e9delme - Harte.sk\",\"isPartOf\":{\"@id\":\"https:\/\/harte.sk\/hu\/#website\"},\"datePublished\":\"2022-06-10T12:37:37+00:00\",\"dateModified\":\"2022-12-05T14:50:30+00:00\",\"breadcrumb\":{\"@id\":\"https:\/\/harte.sk\/hu\/szemelyes-adatok-vedelme\/#breadcrumb\"},\"inLanguage\":\"hu\",\"potentialAction\":[{\"@type\":\"ReadAction\",\"target\":[\"https:\/\/harte.sk\/hu\/szemelyes-adatok-vedelme\/\"]}]},{\"@type\":\"BreadcrumbList\",\"@id\":\"https:\/\/harte.sk\/hu\/szemelyes-adatok-vedelme\/#breadcrumb\",\"itemListElement\":[{\"@type\":\"ListItem\",\"position\":1,\"name\":\"Domovsk\u00e1 str\u00e1nka\",\"item\":\"https:\/\/harte.sk\/hu\/\"},{\"@type\":\"ListItem\",\"position\":2,\"name\":\"Szem\u00e9lyes adatok v\u00e9delme\"}]},{\"@type\":\"WebSite\",\"@id\":\"https:\/\/harte.sk\/hu\/#website\",\"url\":\"https:\/\/harte.sk\/hu\/\",\"name\":\"Harte.sk\",\"description\":\"Len \u010fal\u0161ia WordPress str\u00e1nka\",\"publisher\":{\"@id\":\"https:\/\/harte.sk\/hu\/#organization\"},\"potentialAction\":[{\"@type\":\"SearchAction\",\"target\":{\"@type\":\"EntryPoint\",\"urlTemplate\":\"https:\/\/harte.sk\/hu\/?s={search_term_string}\"},\"query-input\":\"required name=search_term_string\"}],\"inLanguage\":\"hu\"},{\"@type\":\"Organization\",\"@id\":\"https:\/\/harte.sk\/hu\/#organization\",\"name\":\"Harte.sk\",\"url\":\"https:\/\/harte.sk\/hu\/\",\"logo\":{\"@type\":\"ImageObject\",\"inLanguage\":\"hu\",\"@id\":\"https:\/\/harte.sk\/hu\/#\/schema\/logo\/image\/\",\"url\":\"https:\/\/harte.sk\/wp-content\/uploads\/2020\/06\/harte-black.svg\",\"contentUrl\":\"https:\/\/harte.sk\/wp-content\/uploads\/2020\/06\/harte-black.svg\",\"width\":282,\"height\":103,\"caption\":\"Harte.sk\"},\"image\":{\"@id\":\"https:\/\/harte.sk\/hu\/#\/schema\/logo\/image\/\"}}]}<\/script>\n<!-- \/ Yoast SEO plugin. -->","yoast_head_json":{"title":"Szem\u00e9lyes adatok v\u00e9delme - Harte.sk","robots":{"index":"index","follow":"follow","max-snippet":"max-snippet:-1","max-image-preview":"max-image-preview:large","max-video-preview":"max-video-preview:-1"},"canonical":"https:\/\/harte.sk\/hu\/szemelyes-adatok-vedelme\/","og_locale":"hu_HU","og_type":"article","og_title":"Szem\u00e9lyes adatok v\u00e9delme - Harte.sk","og_description":"A szem\u00e9lyes adatok v\u00e9delm\u00e9nek felt\u00e9teleiAlap rendelkez\u00e9s A 18\/2018 Z.z. Szem\u00e9lyes Adatv\u00e9delmi t\u00f6rv\u00e9ny 5 \u00a7 (tov\u00e1bbiakban: ,t\u00f6rv\u00e9ny,) \u00e9rtelm\u00e9ben a szem\u00e9lyes adatok kezel\u0151je az IHP EUROPE s.r.o., Kostolianska cesta 67, 04001 Ko\u0161ice, Azonos\u00edt\u00f3 48\u00a0066\u00a0460, \u00c1fa azonos\u00edt\u00f3: SK2120004601 (tov\u00e1bbiakban: ,,\u00dczemeltet\u0151,,) A szem\u00e9lyes adat azonos\u00edtott vagy azonos\u00edthat\u00f3 term\u00e9szetes szem\u00e9lyre vonatkoz\u00f3 minden inform\u00e1ci\u00f3. Az azonos\u00edthat\u00f3 term\u00e9szetes szem\u00e9ly, aki k\u00f6zvetlen\u00fcl vagy [&hellip;]","og_url":"https:\/\/harte.sk\/hu\/szemelyes-adatok-vedelme\/","og_site_name":"Harte.sk","article_modified_time":"2022-12-05T14:50:30+00:00","twitter_card":"summary_large_image","twitter_misc":{"Becs\u00fclt olvas\u00e1si id\u0151":"4 perc"},"schema":{"@context":"https:\/\/schema.org","@graph":[{"@type":"WebPage","@id":"https:\/\/harte.sk\/hu\/szemelyes-adatok-vedelme\/","url":"https:\/\/harte.sk\/hu\/szemelyes-adatok-vedelme\/","name":"Szem\u00e9lyes adatok v\u00e9delme - Harte.sk","isPartOf":{"@id":"https:\/\/harte.sk\/hu\/#website"},"datePublished":"2022-06-10T12:37:37+00:00","dateModified":"2022-12-05T14:50:30+00:00","breadcrumb":{"@id":"https:\/\/harte.sk\/hu\/szemelyes-adatok-vedelme\/#breadcrumb"},"inLanguage":"hu","potentialAction":[{"@type":"ReadAction","target":["https:\/\/harte.sk\/hu\/szemelyes-adatok-vedelme\/"]}]},{"@type":"BreadcrumbList","@id":"https:\/\/harte.sk\/hu\/szemelyes-adatok-vedelme\/#breadcrumb","itemListElement":[{"@type":"ListItem","position":1,"name":"Domovsk\u00e1 str\u00e1nka","item":"https:\/\/harte.sk\/hu\/"},{"@type":"ListItem","position":2,"name":"Szem\u00e9lyes adatok v\u00e9delme"}]},{"@type":"WebSite","@id":"https:\/\/harte.sk\/hu\/#website","url":"https:\/\/harte.sk\/hu\/","name":"Harte.sk","description":"Len \u010fal\u0161ia WordPress str\u00e1nka","publisher":{"@id":"https:\/\/harte.sk\/hu\/#organization"},"potentialAction":[{"@type":"SearchAction","target":{"@type":"EntryPoint","urlTemplate":"https:\/\/harte.sk\/hu\/?s={search_term_string}"},"query-input":"required name=search_term_string"}],"inLanguage":"hu"},{"@type":"Organization","@id":"https:\/\/harte.sk\/hu\/#organization","name":"Harte.sk","url":"https:\/\/harte.sk\/hu\/","logo":{"@type":"ImageObject","inLanguage":"hu","@id":"https:\/\/harte.sk\/hu\/#\/schema\/logo\/image\/","url":"https:\/\/harte.sk\/wp-content\/uploads\/2020\/06\/harte-black.svg","contentUrl":"https:\/\/harte.sk\/wp-content\/uploads\/2020\/06\/harte-black.svg","width":282,"height":103,"caption":"Harte.sk"},"image":{"@id":"https:\/\/harte.sk\/hu\/#\/schema\/logo\/image\/"}}]}},"_links":{"self":[{"href":"https:\/\/harte.sk\/hu\/wp-json\/wp\/v2\/pages\/7655","targetHints":{"allow":["GET"]}}],"collection":[{"href":"https:\/\/harte.sk\/hu\/wp-json\/wp\/v2\/pages"}],"about":[{"href":"https:\/\/harte.sk\/hu\/wp-json\/wp\/v2\/types\/page"}],"author":[{"embeddable":true,"href":"https:\/\/harte.sk\/hu\/wp-json\/wp\/v2\/users\/1"}],"replies":[{"embeddable":true,"href":"https:\/\/harte.sk\/hu\/wp-json\/wp\/v2\/comments?post=7655"}],"version-history":[{"count":4,"href":"https:\/\/harte.sk\/hu\/wp-json\/wp\/v2\/pages\/7655\/revisions"}],"predecessor-version":[{"id":7659,"href":"https:\/\/harte.sk\/hu\/wp-json\/wp\/v2\/pages\/7655\/revisions\/7659"}],"wp:attachment":[{"href":"https:\/\/harte.sk\/hu\/wp-json\/wp\/v2\/media?parent=7655"}],"curies":[{"name":"wp","href":"https:\/\/api.w.org\/{rel}","templated":true}]}}