{"id":7693,"date":"2022-06-17T08:02:22","date_gmt":"2022-06-17T06:02:22","guid":{"rendered":"https:\/\/harte.sk\/termekeink\/vizszintes-aluminium-pergolak-fix-tetovel\/"},"modified":"2025-03-21T14:56:56","modified_gmt":"2025-03-21T13:56:56","slug":"vizszintes-aluminium-pergolak-fix-tetovel","status":"publish","type":"page","link":"https:\/\/harte.sk\/hu\/termekeink\/vizszintes-aluminium-pergolak-fix-tetovel\/","title":{"rendered":"V\u00edzszintes alum\u00ednium pergol\u00e1k fix tet\u0151vel"},"content":{"rendered":"\t\t<div data-elementor-type=\"wp-page\" data-elementor-id=\"7693\" class=\"elementor elementor-7693 elementor-5211\" data-elementor-post-type=\"page\">\n\t\t\t\t\t\t<section class=\"elementor-section elementor-top-section elementor-element elementor-element-95390ea elementor-section-boxed elementor-section-height-default elementor-section-height-default\" data-id=\"95390ea\" data-element_type=\"section\" data-settings=\"{&quot;jet_parallax_layout_list&quot;:[]}\">\n\t\t\t\t\t\t<div class=\"elementor-container elementor-column-gap-default\">\n\t\t\t\t\t<div class=\"elementor-column elementor-col-100 elementor-top-column elementor-element elementor-element-f9636eb ot-flex-column-vertical\" data-id=\"f9636eb\" data-element_type=\"column\">\n\t\t\t<div class=\"elementor-widget-wrap elementor-element-populated\">\n\t\t\t\t\t\t<div class=\"elementor-element elementor-element-2b44031 elementor-widget elementor-widget-text-editor\" data-id=\"2b44031\" data-element_type=\"widget\" data-widget_type=\"text-editor.default\">\n\t\t\t\t<div class=\"elementor-widget-container\">\n\t\t\t\t\t\t\t<p>A Level pergol\u00e1k modern kialak\u00edt\u00e1sukkal \u00e9s integr\u00e1lt v\u00edzelvezet\u00e9s\u00fckkel a teraszok legeleg\u00e1nsabb megold\u00e1sai k\u00f6z\u00e9 tartoznak. A pavilon illeszt\u00e9si rendszer\u00e9t \u00fagy alak\u00edtottuk ki, hogy az egyes profilh\u00e9zagok t\u00f6k\u00e9letesen illeszkedjenek egym\u00e1shoz, szinte l\u00e1that\u00f3 illeszt\u00e9sek n\u00e9lk\u00fcl. Az oldalfalak be\u00fcvegez\u00e9s\u00e9vel igazi szabadt\u00e9ri nappalit kapunk. Az \u00fcvegez\u00e9s kivitelezhet\u0151 ut\u00f3lag is. A v\u00edzszintes megjelen\u00e9snek k\u00f6sz\u00f6nhet\u0151en az oldals\u00f3 \u00fcvegez\u00e9s tiszt\u00e1n t\u00e9glalap alak\u00fa-fix h\u00e1romsz\u00f6gek n\u00e9lk\u00fcl. Az \u00e1rny\u00e9kol\u00e1s is sokkal k\u00f6nnyebben megoldhat\u00f3.<\/p>\n\t\t\t\t\t\t<\/div>\n\t\t\t\t<\/div>\n\t\t\t\t\t<\/div>\n\t\t<\/div>\n\t\t\t\t\t<\/div>\n\t\t<\/section>\n\t\t\t\t<section class=\"elementor-section elementor-top-section elementor-element elementor-element-c3e287f elementor-section-boxed elementor-section-height-default elementor-section-height-default\" data-id=\"c3e287f\" data-element_type=\"section\" data-settings=\"{&quot;jet_parallax_layout_list&quot;:[]}\">\n\t\t\t\t\t\t<div class=\"elementor-container elementor-column-gap-default\">\n\t\t\t\t\t<div class=\"elementor-column elementor-col-100 elementor-top-column elementor-element elementor-element-7dcb0e7 ot-flex-column-vertical\" data-id=\"7dcb0e7\" data-element_type=\"column\">\n\t\t\t<div class=\"elementor-widget-wrap elementor-element-populated\">\n\t\t\t\t\t\t<div class=\"elementor-element elementor-element-b400b61 elementor-widget elementor-widget-heading\" data-id=\"b400b61\" data-element_type=\"widget\" data-widget_type=\"heading.default\">\n\t\t\t\t<div class=\"elementor-widget-container\">\n\t\t\t<h2 class=\"elementor-heading-title elementor-size-default\">Term\u00e9keink<\/h2>\t\t<\/div>\n\t\t\t\t<\/div>\n\t\t\t\t\t<\/div>\n\t\t<\/div>\n\t\t\t\t\t<\/div>\n\t\t<\/section>\n\t\t\t\t<section class=\"elementor-section elementor-top-section elementor-element elementor-element-bac45ec elementor-section-content-space-between elementor-section-boxed elementor-section-height-default elementor-section-height-default\" data-id=\"bac45ec\" data-element_type=\"section\" data-settings=\"{&quot;jet_parallax_layout_list&quot;:[]}\">\n\t\t\t\t\t\t<div class=\"elementor-container elementor-column-gap-default\">\n\t\t\t\t\t<div class=\"elementor-column elementor-col-33 elementor-top-column elementor-element elementor-element-a8a28f7 ot-flex-column-vertical\" data-id=\"a8a28f7\" data-element_type=\"column\">\n\t\t\t<div class=\"elementor-widget-wrap elementor-element-populated\">\n\t\t\t\t\t\t<div class=\"elementor-element elementor-element-d798b18 elementor-widget elementor-widget-image\" data-id=\"d798b18\" data-element_type=\"widget\" data-widget_type=\"image.default\">\n\t\t\t\t<div class=\"elementor-widget-container\">\n\t\t\t\t\t\t\t\t\t\t\t\t\t<img decoding=\"async\" src=\"https:\/\/harte.sk\/wp-content\/uploads\/elementor\/thumbs\/24-2_20-Photofinal-2-scaled-r36tbhjs0klsxh0x9ut27xoropm14hmcy0vlscp57w.jpg\" title=\"24-2_20&#8212;Photofinal-2\" alt=\"24-2_20---Photofinal-2\" loading=\"lazy\" \/>\t\t\t\t\t\t\t\t\t\t\t\t\t<\/div>\n\t\t\t\t<\/div>\n\t\t\t\t<div class=\"elementor-element elementor-element-a16acfb elementor-widget elementor-widget-heading\" data-id=\"a16acfb\" data-element_type=\"widget\" data-widget_type=\"heading.default\">\n\t\t\t\t<div class=\"elementor-widget-container\">\n\t\t\t<h2 class=\"elementor-heading-title elementor-size-default\">Pergola Level Glass <\/h2>\t\t<\/div>\n\t\t\t\t<\/div>\n\t\t\t\t<div class=\"elementor-element elementor-element-30507e1 elementor-widget elementor-widget-heading\" data-id=\"30507e1\" data-element_type=\"widget\" data-widget_type=\"heading.default\">\n\t\t\t\t<div class=\"elementor-widget-container\">\n\t\t\t<p class=\"elementor-heading-title elementor-size-default\">V\u00edzszintes \u00fcvegtet\u0151s pergol\u00e1k<\/p>\t\t<\/div>\n\t\t\t\t<\/div>\n\t\t\t\t<div class=\"elementor-element elementor-element-18a722d elementor-widget elementor-widget-button\" data-id=\"18a722d\" data-element_type=\"widget\" data-widget_type=\"button.default\">\n\t\t\t\t<div class=\"elementor-widget-container\">\n\t\t\t\t\t<div class=\"elementor-button-wrapper\">\n\t\t\t<a class=\"elementor-button elementor-button-link elementor-size-sm\" href=\"https:\/\/harte.sk\/hu\/termekeink\/vizszintes-aluminium-pergolak-fix-tetovel\/pergola-level-glass\/\">\n\t\t\t\t\t\t<span class=\"elementor-button-content-wrapper\">\n\t\t\t\t\t\t<span class=\"elementor-button-text\">Tov\u00e1bbi inform\u00e1ci\u00f3<\/span>\n\t\t<\/span>\n\t\t\t\t\t<\/a>\n\t\t<\/div>\n\t\t\t\t<\/div>\n\t\t\t\t<\/div>\n\t\t\t\t\t<\/div>\n\t\t<\/div>\n\t\t\t\t<div class=\"elementor-column elementor-col-33 elementor-top-column elementor-element elementor-element-e20b1cb ot-flex-column-vertical\" data-id=\"e20b1cb\" data-element_type=\"column\">\n\t\t\t<div class=\"elementor-widget-wrap elementor-element-populated\">\n\t\t\t\t\t\t<div class=\"elementor-element elementor-element-4570ab7 elementor-widget elementor-widget-image\" data-id=\"4570ab7\" data-element_type=\"widget\" data-widget_type=\"image.default\">\n\t\t\t\t<div class=\"elementor-widget-container\">\n\t\t\t\t\t\t\t\t\t\t\t\t\t<img decoding=\"async\" src=\"https:\/\/harte.sk\/wp-content\/uploads\/elementor\/thumbs\/24-2_22-Photofinal-2-scaled-r36tcmwoda6f4bcukcon9n91tny6j66jrpkywiztm4.jpg\" title=\"24-2_22&#8212;Photofinal-2\" alt=\"24-2_22---Photofinal-2\" loading=\"lazy\" \/>\t\t\t\t\t\t\t\t\t\t\t\t\t<\/div>\n\t\t\t\t<\/div>\n\t\t\t\t<div class=\"elementor-element elementor-element-173a6d6 elementor-widget elementor-widget-heading\" data-id=\"173a6d6\" data-element_type=\"widget\" data-widget_type=\"heading.default\">\n\t\t\t\t<div class=\"elementor-widget-container\">\n\t\t\t<h2 class=\"elementor-heading-title elementor-size-default\">Pergola Level Poly <\/h2>\t\t<\/div>\n\t\t\t\t<\/div>\n\t\t\t\t<div class=\"elementor-element elementor-element-ab8f63e elementor-widget elementor-widget-heading\" data-id=\"ab8f63e\" data-element_type=\"widget\" data-widget_type=\"heading.default\">\n\t\t\t\t<div class=\"elementor-widget-container\">\n\t\t\t<p class=\"elementor-heading-title elementor-size-default\">V\u00edzszintes pergola polikarbon\u00e1t tet\u0151vel\n<\/p>\t\t<\/div>\n\t\t\t\t<\/div>\n\t\t\t\t<div class=\"elementor-element elementor-element-54e98c0 elementor-widget elementor-widget-button\" data-id=\"54e98c0\" data-element_type=\"widget\" data-widget_type=\"button.default\">\n\t\t\t\t<div class=\"elementor-widget-container\">\n\t\t\t\t\t<div class=\"elementor-button-wrapper\">\n\t\t\t<a class=\"elementor-button elementor-button-link elementor-size-sm\" href=\"https:\/\/harte.sk\/hu\/termekeink\/vizszintes-aluminium-pergolak-fix-tetovel\/pergola-level-poly\/\">\n\t\t\t\t\t\t<span class=\"elementor-button-content-wrapper\">\n\t\t\t\t\t\t<span class=\"elementor-button-text\">Tov\u00e1bbi inform\u00e1ci\u00f3<\/span>\n\t\t<\/span>\n\t\t\t\t\t<\/a>\n\t\t<\/div>\n\t\t\t\t<\/div>\n\t\t\t\t<\/div>\n\t\t\t\t\t<\/div>\n\t\t<\/div>\n\t\t\t\t<div class=\"elementor-column elementor-col-33 elementor-top-column elementor-element elementor-element-f319ff6 ot-flex-column-vertical\" data-id=\"f319ff6\" data-element_type=\"column\">\n\t\t\t<div class=\"elementor-widget-wrap elementor-element-populated\">\n\t\t\t\t\t\t<div class=\"elementor-element elementor-element-645e298 elementor-widget elementor-widget-image\" data-id=\"645e298\" data-element_type=\"widget\" data-widget_type=\"image.default\">\n\t\t\t\t<div class=\"elementor-widget-container\">\n\t\t\t\t\t\t\t\t\t\t\t\t\t<img decoding=\"async\" src=\"https:\/\/harte.sk\/wp-content\/uploads\/elementor\/thumbs\/level-auto-beallo-282-qzr59kaow7oq51ubf2jc702s8ldq9a94zr6jmifxrg.jpg\" title=\"level auto beallo -282\" alt=\"level auto beallo -282\" loading=\"lazy\" \/>\t\t\t\t\t\t\t\t\t\t\t\t\t<\/div>\n\t\t\t\t<\/div>\n\t\t\t\t<div class=\"elementor-element elementor-element-4cfa79b elementor-widget elementor-widget-heading\" data-id=\"4cfa79b\" data-element_type=\"widget\" data-widget_type=\"heading.default\">\n\t\t\t\t<div class=\"elementor-widget-container\">\n\t\t\t<h2 class=\"elementor-heading-title elementor-size-default\">Pergola Level Panel<\/h2>\t\t<\/div>\n\t\t\t\t<\/div>\n\t\t\t\t<div class=\"elementor-element elementor-element-4661b49 elementor-widget elementor-widget-heading\" data-id=\"4661b49\" data-element_type=\"widget\" data-widget_type=\"heading.default\">\n\t\t\t\t<div class=\"elementor-widget-container\">\n\t\t\t<p class=\"elementor-heading-title elementor-size-default\"> V\u00edzszintes pergola szendvicspanel tet\u0151vel\n<\/p>\t\t<\/div>\n\t\t\t\t<\/div>\n\t\t\t\t<div class=\"elementor-element elementor-element-4e38fac elementor-widget elementor-widget-button\" data-id=\"4e38fac\" data-element_type=\"widget\" data-widget_type=\"button.default\">\n\t\t\t\t<div class=\"elementor-widget-container\">\n\t\t\t\t\t<div class=\"elementor-button-wrapper\">\n\t\t\t<a class=\"elementor-button elementor-button-link elementor-size-sm\" href=\"https:\/\/harte.sk\/hu\/termekeink\/vizszintes-aluminium-pergolak-fix-tetovel\/pergola-level-panel\/\">\n\t\t\t\t\t\t<span class=\"elementor-button-content-wrapper\">\n\t\t\t\t\t\t<span class=\"elementor-button-text\">Tov\u00e1bbi inform\u00e1ci\u00f3<\/span>\n\t\t<\/span>\n\t\t\t\t\t<\/a>\n\t\t<\/div>\n\t\t\t\t<\/div>\n\t\t\t\t<\/div>\n\t\t\t\t\t<\/div>\n\t\t<\/div>\n\t\t\t\t\t<\/div>\n\t\t<\/section>\n\t\t\t\t<\/div>\n\t\t","protected":false},"excerpt":{"rendered":"<p>A Level pergol\u00e1k modern kialak\u00edt\u00e1sukkal \u00e9s integr\u00e1lt v\u00edzelvezet\u00e9s\u00fckkel a teraszok legeleg\u00e1nsabb megold\u00e1sai k\u00f6z\u00e9 tartoznak. A pavilon illeszt\u00e9si rendszer\u00e9t \u00fagy alak\u00edtottuk ki, hogy az egyes profilh\u00e9zagok t\u00f6k\u00e9letesen illeszkedjenek egym\u00e1shoz, szinte l\u00e1that\u00f3 illeszt\u00e9sek n\u00e9lk\u00fcl. Az oldalfalak be\u00fcvegez\u00e9s\u00e9vel igazi szabadt\u00e9ri nappalit kapunk. Az \u00fcvegez\u00e9s kivitelezhet\u0151 ut\u00f3lag is. A v\u00edzszintes megjelen\u00e9snek k\u00f6sz\u00f6nhet\u0151en az oldals\u00f3 \u00fcvegez\u00e9s tiszt\u00e1n t\u00e9glalap alak\u00fa-fix h\u00e1romsz\u00f6gek [&hellip;]<\/p>\n","protected":false},"author":1,"featured_media":0,"parent":7661,"menu_order":0,"comment_status":"closed","ping_status":"closed","template":"elementor_header_footer","meta":{"_mi_skip_tracking":false,"footnotes":""},"class_list":["post-7693","page","type-page","status-publish","hentry"],"yoast_head":"<!-- This site is optimized with the Yoast SEO plugin v20.5 - https:\/\/yoast.com\/wordpress\/plugins\/seo\/ -->\n<title>V\u00edzszintes alum\u00ednium pergol\u00e1k fix tet\u0151vel - Harte.sk<\/title>\n<meta name=\"description\" content=\"A Level pergol\u00e1k modern kialak\u00edt\u00e1sukkal \u00e9s integr\u00e1lt v\u00edzelvezet\u00e9s\u00fckkel a teraszok legeleg\u00e1nsabb megold\u00e1sai k\u00f6z\u00e9 tartoznak...\" \/>\n<meta name=\"robots\" content=\"index, follow, max-snippet:-1, max-image-preview:large, max-video-preview:-1\" \/>\n<link rel=\"canonical\" href=\"https:\/\/harte.sk\/hu\/termekeink\/vizszintes-aluminium-pergolak-fix-tetovel\/\" \/>\n<meta property=\"og:locale\" content=\"hu_HU\" \/>\n<meta property=\"og:type\" content=\"article\" \/>\n<meta property=\"og:title\" content=\"V\u00edzszintes alum\u00ednium pergol\u00e1k fix tet\u0151vel - Harte.sk\" \/>\n<meta property=\"og:description\" content=\"A Level pergol\u00e1k modern kialak\u00edt\u00e1sukkal \u00e9s integr\u00e1lt v\u00edzelvezet\u00e9s\u00fckkel a teraszok legeleg\u00e1nsabb megold\u00e1sai k\u00f6z\u00e9 tartoznak...\" \/>\n<meta property=\"og:url\" content=\"https:\/\/harte.sk\/hu\/termekeink\/vizszintes-aluminium-pergolak-fix-tetovel\/\" \/>\n<meta property=\"og:site_name\" content=\"Harte.sk\" \/>\n<meta property=\"article:modified_time\" content=\"2025-03-21T13:56:56+00:00\" \/>\n<meta property=\"og:image\" content=\"https:\/\/harte.sk\/wp-content\/uploads\/elementor\/thumbs\/24-2_20-Photofinal-2-scaled-r36tbhjs0klsxh0x9ut27xoropm14hmcy0vlscp57w.jpg\" \/>\n<meta name=\"twitter:card\" content=\"summary_large_image\" \/>\n<meta name=\"twitter:label1\" content=\"Becs\u00fclt olvas\u00e1si id\u0151\" \/>\n\t<meta name=\"twitter:data1\" content=\"1 perc\" \/>\n<script type=\"application\/ld+json\" class=\"yoast-schema-graph\">{\"@context\":\"https:\/\/schema.org\",\"@graph\":[{\"@type\":\"WebPage\",\"@id\":\"https:\/\/harte.sk\/hu\/termekeink\/vizszintes-aluminium-pergolak-fix-tetovel\/\",\"url\":\"https:\/\/harte.sk\/hu\/termekeink\/vizszintes-aluminium-pergolak-fix-tetovel\/\",\"name\":\"V\u00edzszintes alum\u00ednium pergol\u00e1k fix tet\u0151vel - Harte.sk\",\"isPartOf\":{\"@id\":\"https:\/\/harte.sk\/hu\/#website\"},\"datePublished\":\"2022-06-17T06:02:22+00:00\",\"dateModified\":\"2025-03-21T13:56:56+00:00\",\"description\":\"A Level pergol\u00e1k modern kialak\u00edt\u00e1sukkal \u00e9s integr\u00e1lt v\u00edzelvezet\u00e9s\u00fckkel a teraszok legeleg\u00e1nsabb megold\u00e1sai k\u00f6z\u00e9 tartoznak...\",\"breadcrumb\":{\"@id\":\"https:\/\/harte.sk\/hu\/termekeink\/vizszintes-aluminium-pergolak-fix-tetovel\/#breadcrumb\"},\"inLanguage\":\"hu\",\"potentialAction\":[{\"@type\":\"ReadAction\",\"target\":[\"https:\/\/harte.sk\/hu\/termekeink\/vizszintes-aluminium-pergolak-fix-tetovel\/\"]}]},{\"@type\":\"BreadcrumbList\",\"@id\":\"https:\/\/harte.sk\/hu\/termekeink\/vizszintes-aluminium-pergolak-fix-tetovel\/#breadcrumb\",\"itemListElement\":[{\"@type\":\"ListItem\",\"position\":1,\"name\":\"Domovsk\u00e1 str\u00e1nka\",\"item\":\"https:\/\/harte.sk\/hu\/\"},{\"@type\":\"ListItem\",\"position\":2,\"name\":\"Term\u00e9keink\",\"item\":\"https:\/\/harte.sk\/hu\/produkty\/\"},{\"@type\":\"ListItem\",\"position\":3,\"name\":\"V\u00edzszintes alum\u00ednium pergol\u00e1k fix tet\u0151vel\"}]},{\"@type\":\"WebSite\",\"@id\":\"https:\/\/harte.sk\/hu\/#website\",\"url\":\"https:\/\/harte.sk\/hu\/\",\"name\":\"Harte.sk\",\"description\":\"Len \u010fal\u0161ia WordPress str\u00e1nka\",\"publisher\":{\"@id\":\"https:\/\/harte.sk\/hu\/#organization\"},\"potentialAction\":[{\"@type\":\"SearchAction\",\"target\":{\"@type\":\"EntryPoint\",\"urlTemplate\":\"https:\/\/harte.sk\/hu\/?s={search_term_string}\"},\"query-input\":\"required name=search_term_string\"}],\"inLanguage\":\"hu\"},{\"@type\":\"Organization\",\"@id\":\"https:\/\/harte.sk\/hu\/#organization\",\"name\":\"Harte.sk\",\"url\":\"https:\/\/harte.sk\/hu\/\",\"logo\":{\"@type\":\"ImageObject\",\"inLanguage\":\"hu\",\"@id\":\"https:\/\/harte.sk\/hu\/#\/schema\/logo\/image\/\",\"url\":\"https:\/\/harte.sk\/wp-content\/uploads\/2020\/06\/harte-black.svg\",\"contentUrl\":\"https:\/\/harte.sk\/wp-content\/uploads\/2020\/06\/harte-black.svg\",\"width\":282,\"height\":103,\"caption\":\"Harte.sk\"},\"image\":{\"@id\":\"https:\/\/harte.sk\/hu\/#\/schema\/logo\/image\/\"}}]}<\/script>\n<!-- \/ Yoast SEO plugin. -->","yoast_head_json":{"title":"V\u00edzszintes alum\u00ednium pergol\u00e1k fix tet\u0151vel - Harte.sk","description":"A Level pergol\u00e1k modern kialak\u00edt\u00e1sukkal \u00e9s integr\u00e1lt v\u00edzelvezet\u00e9s\u00fckkel a teraszok legeleg\u00e1nsabb megold\u00e1sai k\u00f6z\u00e9 tartoznak...","robots":{"index":"index","follow":"follow","max-snippet":"max-snippet:-1","max-image-preview":"max-image-preview:large","max-video-preview":"max-video-preview:-1"},"canonical":"https:\/\/harte.sk\/hu\/termekeink\/vizszintes-aluminium-pergolak-fix-tetovel\/","og_locale":"hu_HU","og_type":"article","og_title":"V\u00edzszintes alum\u00ednium pergol\u00e1k fix tet\u0151vel - Harte.sk","og_description":"A Level pergol\u00e1k modern kialak\u00edt\u00e1sukkal \u00e9s integr\u00e1lt v\u00edzelvezet\u00e9s\u00fckkel a teraszok legeleg\u00e1nsabb megold\u00e1sai k\u00f6z\u00e9 tartoznak...","og_url":"https:\/\/harte.sk\/hu\/termekeink\/vizszintes-aluminium-pergolak-fix-tetovel\/","og_site_name":"Harte.sk","article_modified_time":"2025-03-21T13:56:56+00:00","og_image":[{"url":"https:\/\/harte.sk\/wp-content\/uploads\/elementor\/thumbs\/24-2_20-Photofinal-2-scaled-r36tbhjs0klsxh0x9ut27xoropm14hmcy0vlscp57w.jpg"}],"twitter_card":"summary_large_image","twitter_misc":{"Becs\u00fclt olvas\u00e1si id\u0151":"1 perc"},"schema":{"@context":"https:\/\/schema.org","@graph":[{"@type":"WebPage","@id":"https:\/\/harte.sk\/hu\/termekeink\/vizszintes-aluminium-pergolak-fix-tetovel\/","url":"https:\/\/harte.sk\/hu\/termekeink\/vizszintes-aluminium-pergolak-fix-tetovel\/","name":"V\u00edzszintes alum\u00ednium pergol\u00e1k fix tet\u0151vel - Harte.sk","isPartOf":{"@id":"https:\/\/harte.sk\/hu\/#website"},"datePublished":"2022-06-17T06:02:22+00:00","dateModified":"2025-03-21T13:56:56+00:00","description":"A Level pergol\u00e1k modern kialak\u00edt\u00e1sukkal \u00e9s integr\u00e1lt v\u00edzelvezet\u00e9s\u00fckkel a teraszok legeleg\u00e1nsabb megold\u00e1sai k\u00f6z\u00e9 tartoznak...","breadcrumb":{"@id":"https:\/\/harte.sk\/hu\/termekeink\/vizszintes-aluminium-pergolak-fix-tetovel\/#breadcrumb"},"inLanguage":"hu","potentialAction":[{"@type":"ReadAction","target":["https:\/\/harte.sk\/hu\/termekeink\/vizszintes-aluminium-pergolak-fix-tetovel\/"]}]},{"@type":"BreadcrumbList","@id":"https:\/\/harte.sk\/hu\/termekeink\/vizszintes-aluminium-pergolak-fix-tetovel\/#breadcrumb","itemListElement":[{"@type":"ListItem","position":1,"name":"Domovsk\u00e1 str\u00e1nka","item":"https:\/\/harte.sk\/hu\/"},{"@type":"ListItem","position":2,"name":"Term\u00e9keink","item":"https:\/\/harte.sk\/hu\/produkty\/"},{"@type":"ListItem","position":3,"name":"V\u00edzszintes alum\u00ednium pergol\u00e1k fix tet\u0151vel"}]},{"@type":"WebSite","@id":"https:\/\/harte.sk\/hu\/#website","url":"https:\/\/harte.sk\/hu\/","name":"Harte.sk","description":"Len \u010fal\u0161ia WordPress str\u00e1nka","publisher":{"@id":"https:\/\/harte.sk\/hu\/#organization"},"potentialAction":[{"@type":"SearchAction","target":{"@type":"EntryPoint","urlTemplate":"https:\/\/harte.sk\/hu\/?s={search_term_string}"},"query-input":"required name=search_term_string"}],"inLanguage":"hu"},{"@type":"Organization","@id":"https:\/\/harte.sk\/hu\/#organization","name":"Harte.sk","url":"https:\/\/harte.sk\/hu\/","logo":{"@type":"ImageObject","inLanguage":"hu","@id":"https:\/\/harte.sk\/hu\/#\/schema\/logo\/image\/","url":"https:\/\/harte.sk\/wp-content\/uploads\/2020\/06\/harte-black.svg","contentUrl":"https:\/\/harte.sk\/wp-content\/uploads\/2020\/06\/harte-black.svg","width":282,"height":103,"caption":"Harte.sk"},"image":{"@id":"https:\/\/harte.sk\/hu\/#\/schema\/logo\/image\/"}}]}},"_links":{"self":[{"href":"https:\/\/harte.sk\/hu\/wp-json\/wp\/v2\/pages\/7693","targetHints":{"allow":["GET"]}}],"collection":[{"href":"https:\/\/harte.sk\/hu\/wp-json\/wp\/v2\/pages"}],"about":[{"href":"https:\/\/harte.sk\/hu\/wp-json\/wp\/v2\/types\/page"}],"author":[{"embeddable":true,"href":"https:\/\/harte.sk\/hu\/wp-json\/wp\/v2\/users\/1"}],"replies":[{"embeddable":true,"href":"https:\/\/harte.sk\/hu\/wp-json\/wp\/v2\/comments?post=7693"}],"version-history":[{"count":10,"href":"https:\/\/harte.sk\/hu\/wp-json\/wp\/v2\/pages\/7693\/revisions"}],"predecessor-version":[{"id":9355,"href":"https:\/\/harte.sk\/hu\/wp-json\/wp\/v2\/pages\/7693\/revisions\/9355"}],"up":[{"embeddable":true,"href":"https:\/\/harte.sk\/hu\/wp-json\/wp\/v2\/pages\/7661"}],"wp:attachment":[{"href":"https:\/\/harte.sk\/hu\/wp-json\/wp\/v2\/media?parent=7693"}],"curies":[{"name":"wp","href":"https:\/\/api.w.org\/{rel}","templated":true}]}}